{"id":14125,"date":"2022-08-17T16:03:29","date_gmt":"2022-08-17T16:03:29","guid":{"rendered":"https:\/\/sorigueinmobiliaria.com\/promocions-realitzades\/"},"modified":"2022-08-17T16:06:59","modified_gmt":"2022-08-17T16:06:59","slug":"promocions-realitzades","status":"publish","type":"page","link":"https:\/\/sorigueinmobiliaria.com\/ca\/promocions-realitzades\/","title":{"rendered":"Promocions realitzades"},"content":{"rendered":"[vc_row row_type=&#8221;row&#8221; text_align=&#8221;left&#8221; css_animation=&#8221;&#8221;][vc_column][vc_empty_space height=&#8221;15px&#8221;][vc_column_text]\n<h1 class=\"vc_custom_heading\">Promocions realitzades<\/h1>\n[\/vc_column_text][vc_empty_space height=&#8221;10px&#8221;][vc_row_inner row_type=&#8221;row&#8221; text_align=&#8221;left&#8221; css_animation=&#8221;&#8221;][vc_column_inner][vc_separator type=&#8221;full_width&#8221; thickness=&#8221;1&#8243; up=&#8221;15&#8243; down=&#8221;15&#8243;][vc_custom_heading text=&#8221;Girona | La Devesa&#8221;][vc_empty_space height=&#8221;15px&#8221;][\/vc_column_inner][\/vc_row_inner][\/vc_column][\/vc_row][vc_row row_type=&#8221;row&#8221; text_align=&#8221;left&#8221; css_animation=&#8221;&#8221;][vc_column width=&#8221;2\/3&#8243;][vc_gallery interval=&#8221;3&#8243; images=&#8221;13881,13884,13879,13883,13885,13892,13882,13886,13878,13880,13887,13894,13895,13893,13888,13889,13890,13896,13897,13898,13899,13904,13905,13900,13906,13901,13907,13908,13909,13924,13910,13911,13912,13891,13913,13914,13915,13917,13918,13919,13920,13922,13921,13923,13916&#8243; img_size=&#8221;1010&#215;650&#8243; onclick=&#8221;&#8221;][\/vc_column][vc_column width=&#8221;1\/3&#8243;][vc_column_text]Modern edifici de 4 altures, amb 32 habitatges de 3 i 4 dormitoris, en un entorn \u00fanic davant del parc de la Devesa, disposa de piscina i zona comunit\u00e0ria, situat al Carrer del Riu G\u00fcell 2-3 de Girona. Els paviments s\u00f3n de gres porcell\u00e0nic d&#8217;alta qualitat imitaci\u00f3 fusta de la marca Keraben, armaris de paret i fusteria interior lacades en blanc, fusteria exterior d&#8217;alumini amb doble vidre tipus Climatic i cambra d&#8217;aire amb trencament de pont t\u00e8rmic, persianes el\u00e8ctriques, aerot\u00e8rmica Mitsubishi, cuines Santos amb electrodom\u00e8stics Siemens, marbre i frontals de quars compacte, il\u00b7luminaci\u00f3 inclosa en rebedor, passadissos, banys, terrasses i cuina, mecanismes el\u00e8ctrics Legrand, aixeteria Hansgrohe, complements de bany Duravit, cer\u00e0miques Keraben, trasters connectats a l&#8217;habitatge el\u00e8ctricament.[\/vc_column_text][vc_empty_space height=&#8221;15px&#8221;][vc_column_text]\n<div>\n<p>Finalitzada al desembre de 2021<\/p>\n<\/div>\n<div>\n<p>Carrer del Riu G\u00fcell 2-3, Girona<\/p>\n<\/div>\n[\/vc_column_text][vc_empty_space height=&#8221;15px&#8221;]<a href=\"http:\/\/sorigueinmobiliaria.com\/wp-content\/uploads\/2022\/05\/GIRONA-LA-DEVESA-FINALIZADA.mp4\" target=\"_self\" class=\"qbutton  tiny\" style=\"color: #ffffff; background-color: #1e73be; border: 1px solid #ffffff; \">Clic per a veure v\u00eddeo de l'edifici<\/a>[vc_empty_space height=&#8221;15px&#8221;]<a href=\"http:\/\/sorigueinmobiliaria.com\/wp-content\/uploads\/2021\/05\/inmo-Sorigue-piloto.mp4\" target=\"_self\" class=\"qbutton  tiny\" style=\"color: #ffffff; background-color: #1e73be; border: 1px solid #ffffff; \">Clic aqu\u00ed per a veure pis pilot<\/a>[vc_empty_space height=&#8221;15px&#8221;][\/vc_column][\/vc_row][vc_row row_type=&#8221;row&#8221; text_align=&#8221;left&#8221; css_animation=&#8221;&#8221;][vc_column][vc_separator type=&#8221;full_width&#8221; thickness=&#8221;1&#8243; up=&#8221;15&#8243; down=&#8221;15&#8243;][vc_empty_space height=&#8221;15px&#8221;][vc_custom_heading text=&#8221;Terrassa | Can Colomer (Fase 1)&#8221;][vc_empty_space height=&#8221;15px&#8221;][\/vc_column][\/vc_row][vc_row row_type=&#8221;row&#8221; text_align=&#8221;left&#8221; css_animation=&#8221;&#8221;][vc_column width=&#8221;2\/3&#8243;][vc_gallery interval=&#8221;3&#8243; images=&#8221;13927,13928,13936,13934,13938,13930,13935,13931,13937,13929,13933,13932&#8243; img_size=&#8221;1010&#215;650&#8243; onclick=&#8221;&#8221;][\/vc_column][vc_column width=&#8221;1\/3&#8243;][vc_column_text]En la nostra primera fase de la nova zona en expansi\u00f3 de Terrassa anomenada Ca Colomer, hem constru\u00eft un singular edifici de 5 altures amb 58 habitatges de 2, 3 i 4 dormitoris, en un entorn \u00fanic en plena naturalesa, disposa de piscina i zona comunit\u00e0ria, situada a la carretera de Rellinars 511.<\/p>\n<p>Paviments de fusta laminada, armaris de paret i fusteria interior lacades en blanc, fusteria exterior amb doble vidre tipus Climatic i cambra d&#8217;aire amb trencament de pont t\u00e8rmic, persianes el\u00e8ctriques, aerot\u00e8rmica Daikin, cuines Santos amb electrodom\u00e8stics Siemens, marbre i frontals de tipus Silestone, il\u00b7luminaci\u00f3 inclosa en rebedor, passadissos, banys, terrasses i cuina, mecanismes el\u00e8ctrics Legrand, aixeteria Hansgrohe, complements de bany Duravit, cer\u00e0miques Keraben, trasters connectats a l&#8217;habitatge el\u00e8ctricament.[\/vc_column_text][vc_empty_space height=&#8221;15px&#8221;][vc_column_text]Fase 1: Finalitzada l&#8217;agost de 2021<\/p>\n<p>Carretera de Rellinars 511, Terrassa (Barcelona)[\/vc_column_text][vc_empty_space height=&#8221;15px&#8221;]<a href=\"http:\/\/sorigueinmobiliaria.com\/wp-content\/uploads\/2022\/03\/Terrasa-1-video-fin.mp4\" target=\"_self\" class=\"qbutton  tiny\" style=\"color: #ffffff; background-color: #1e73be; border: 1px solid #ffffff; \">Clic per a veure v\u00eddeo de l'edifici<\/a>[vc_empty_space height=&#8221;15px&#8221;]<a href=\"http:\/\/sorigueinmobiliaria.com\/wp-content\/uploads\/2022\/03\/Piso-piloto-Can-Colomer-web.mp4\" target=\"_self\" class=\"qbutton  tiny\" style=\"color: #ffffff; background-color: #1e73be; border: 1px solid #ffffff; \">Clic aqu\u00ed per a veure pis pilot<\/a>[vc_empty_space height=&#8221;15px&#8221;][\/vc_column][\/vc_row][vc_row row_type=&#8221;row&#8221; text_align=&#8221;left&#8221; css_animation=&#8221;&#8221;][vc_column][vc_separator type=&#8221;full_width&#8221; thickness=&#8221;1&#8243; up=&#8221;15&#8243; down=&#8221;15&#8243;][vc_empty_space height=&#8221;15px&#8221;][vc_custom_heading text=&#8221;Sant Feliu | Joan Gamper (Fase 4)&#8221;][vc_empty_space height=&#8221;15px&#8221;][\/vc_column][\/vc_row][vc_row row_type=&#8221;row&#8221; text_align=&#8221;left&#8221; css_animation=&#8221;&#8221;][vc_column width=&#8221;2\/3&#8243;][vc_gallery interval=&#8221;3&#8243; images=&#8221;13644,13645,13646,13647,13648,13649,13650,13651,13652,13653,13654,13655,13656,13657,13658,13659,13660,13661,13662,13663,13664,13665,13666,13667,13668,13669&#8243; img_size=&#8221;1010&#215;650&#8243; onclick=&#8221;&#8221;][\/vc_column][vc_column width=&#8221;1\/3&#8243;][vc_column_text]Espectacular edifici de 7 altures amb 29 habitatges de 2, 3 i 4 dormitoris, situat al carrer Joana Raspall 44, en una de les millors zones residencials de Sant Feliu de Llobregat. Paviments de fusta natural, armaris de paret i fusteria interior Carr\u00e9, fusteria exterior d&#8217;alumini amb doble vidre i cambra d&#8217;aire amb trencament de pont t\u00e8rmic, persianes el\u00e8ctriques, tendals motoritzats, aerot\u00e8rmica, descalcificador general en l&#8217;edifici, cuines Santos amb electrodom\u00e8stics Siemens, il\u00b7luminaci\u00f3 inclosa en rebedor, passadissos, banys i cuina, mecanismes el\u00e8ctrics Legrand, aixeteria Hansgrohe i Blanco, complements de bany Duravit, trasters connectats a l&#8217;habitatge el\u00e8ctricament.[\/vc_column_text][vc_empty_space height=&#8221;15px&#8221;][vc_column_text]Finalitzada al juny de 2021<\/p>\n<p>Carrer Joana Raspall 44, Sant Feliu de Llobregat (Barcelona)[\/vc_column_text][vc_empty_space height=&#8221;15px&#8221;][\/vc_column][\/vc_row][vc_row row_type=&#8221;row&#8221; text_align=&#8221;left&#8221; css_animation=&#8221;&#8221;][vc_column][vc_separator type=&#8221;full_width&#8221; thickness=&#8221;1&#8243; up=&#8221;15&#8243; down=&#8221;15&#8243;][vc_empty_space height=&#8221;15px&#8221;][vc_custom_heading text=&#8221;Sant Cugat | Tur\u00f3 de Can Mates&#8221;][vc_empty_space height=&#8221;15px&#8221;][\/vc_column][\/vc_row][vc_row row_type=&#8221;row&#8221; text_align=&#8221;left&#8221; css_animation=&#8221;&#8221;][vc_column width=&#8221;2\/3&#8243;][vc_gallery interval=&#8221;3&#8243; images=&#8221;13482,13483,13484,13485,13486,13487,13488,13489,13490,13491,13492,13493,13494,13495,13496,13497,13498,13499,13500,13501,13502,13503,13504&#8243; img_size=&#8221;1010&#215;650&#8243; onclick=&#8221;&#8221;][\/vc_column][vc_column width=&#8221;1\/3&#8243;][vc_column_text]Edifici plurifamiliar d&#8217;alt standing amb 40 habitatges, 79 places d&#8217;aparcament i 40 trasters. Dividit en dos blocs independents amb quatre nuclis d&#8217;escala. Tots els habitatges s\u00f3n passants i disposen de grans terrasses. Zona comunit\u00e0ria amb piscina i jard\u00ed. La comunitat disposa d&#8217;una sala polivalent per a \u00fas de reunions o esdeveniments.[\/vc_column_text][vc_empty_space height=&#8221;15px&#8221;][vc_column_text]Finalitzada al setembre de 2020<\/p>\n<p>Carrer Benet de Mox\u00f3 8, Sant Cugat del Vall\u00e9s (Barcelona)[\/vc_column_text][vc_empty_space height=&#8221;15px&#8221;][\/vc_column][\/vc_row][vc_row row_type=&#8221;row&#8221; text_align=&#8221;left&#8221; css_animation=&#8221;&#8221;][vc_column][vc_separator type=&#8221;full_width&#8221; thickness=&#8221;1&#8243; up=&#8221;15&#8243; down=&#8221;15&#8243;][vc_empty_space height=&#8221;15px&#8221;][vc_custom_heading text=&#8221;Saragossa | Velaire Residencial (Fase 1)&#8221;][vc_empty_space height=&#8221;15px&#8221;][\/vc_column][\/vc_row][vc_row row_type=&#8221;row&#8221; text_align=&#8221;left&#8221; css_animation=&#8221;&#8221;][vc_column width=&#8221;2\/3&#8243;][vc_gallery interval=&#8221;3&#8243; images=&#8221;13746,13587,13588,13609,13584,13604,13586,13585,13608,13612,13611,13610,13601,13602,13600,13607,13606,13591,13592,13593,13595,13594,13598,13599,13605,13603,13596,13597,13589,13590&#8243; img_size=&#8221;1010&#215;650&#8243; onclick=&#8221;&#8221;][\/vc_column][vc_column width=&#8221;1\/3&#8243;][vc_column_text]Velaire Residencial (Fase 1), \u00e9s una promoci\u00f3 \u00fanica d&#8217;habitatges, de disseny elegant i modern, molt ben comunicada i situada a la millor zona de Miralbueno, Saragossa.<\/p>\n<div class=\"page\" title=\"Page 2\">\n<div class=\"layoutArea\">\n<div class=\"column\">\n<p>36 habitatges constru\u00efts sota est\u00e0ndards d&#8217;alta efici\u00e8ncia energ\u00e8tica, avan\u00e7ant cap als criteris Passivhaus i dissenyades per a gaudir de l&#8217;elevat confort interior amb un consum d&#8217;energia molt redu\u00eft gr\u00e0cies a l&#8217;a\u00efllament t\u00e8rmic i ac\u00fastic.<\/p>\n<div class=\"page\" title=\"Page 2\">\n<div class=\"layoutArea\">\n<div class=\"column\">\n<p>Disposa d&#8217;urbanitzaci\u00f3 privada totalment tancada de 6.000 m\u00b2, dels quals 2.143 m\u00b2 estan destinats a zones comunes, compta amb piscina i zona recreativa. A m\u00e9s, 2.458 m\u00b2 estan lliures d&#8217;edificaci\u00f3, garantint amplis espais al residencial.<\/p>\n<\/div>\n<\/div>\n<\/div>\n<\/div>\n<\/div>\n<\/div>\n<p>Un lloc ideal per a viure, amb totes les possibilitats al teu abast i sense allunyar-te de les comoditats que t&#8217;ofereix la gran ciutat. A 5 minuts de l&#8217;Anell Verd de Saragossa i molt pr\u00f2xim a centres comercials, col\u00b7legis, farm\u00e0cies, parcs, etc. Velaire \u00e9s qualitat de vida.[\/vc_column_text][vc_empty_space height=&#8221;15px&#8221;][vc_column_text]Finalitzada al desembre de 2020<\/p>\n<p>Carrer Alberto Antonio Mustienes Luesma 27, Saragossa[\/vc_column_text][vc_empty_space height=&#8221;15px&#8221;][\/vc_column][\/vc_row][vc_row row_type=&#8221;row&#8221; text_align=&#8221;left&#8221; css_animation=&#8221;&#8221;][vc_column][vc_separator type=&#8221;full_width&#8221; thickness=&#8221;1&#8243; up=&#8221;15&#8243; down=&#8221;15&#8243;][vc_empty_space height=&#8221;15px&#8221;][vc_custom_heading text=&#8221;Sant Feliu | Joan Gamper (Fase 3)&#8221;][vc_empty_space height=&#8221;15px&#8221;][\/vc_column][\/vc_row][vc_row row_type=&#8221;row&#8221; text_align=&#8221;left&#8221; css_animation=&#8221;&#8221;][vc_column width=&#8221;2\/3&#8243;][vc_gallery interval=&#8221;3&#8243; images=&#8221;13505,13506,13507,13508,13509,13510,13511,13512,13513,13514,13515,13516,13517,13518,13519,13520,13521,13522,13523,13524,13525,13526,13527,13528,13529,13530,13531&#8243; img_size=&#8221;1010&#215;650&#8243; onclick=&#8221;&#8221;][\/vc_column][vc_column width=&#8221;1\/3&#8243;][vc_column_text]Fabul\u00f3s edifici de 7 altures a la millor zona residencial de Sant Feliu de Llobregat, al costat de la ciutat esportiva del Bar\u00e7a \u2013 Joan Gamper. Es tracta del nostre tercer projecte a la zona. L&#8217;edifici disposa de 30 habitatges de 2, 3 i 4 dormitoris i plantes baixes amb grans terrasses. Acabats de primera qualitat. Zona comunit\u00e0ria amb jard\u00ed i piscines, p\u00e0rquings amb trasters.[\/vc_column_text][vc_empty_space height=&#8221;15px&#8221;][vc_column_text]Finalitzada al juny de 2020<\/p>\n<p>Carrer Joana Raspall, 26 \u2022 Sant Feliu de Llobregat (Barcelona)[\/vc_column_text][vc_empty_space height=&#8221;15px&#8221;][\/vc_column][\/vc_row][vc_row row_type=&#8221;row&#8221; text_align=&#8221;left&#8221; css_animation=&#8221;&#8221;][vc_column][vc_separator type=&#8221;full_width&#8221; thickness=&#8221;1&#8243; up=&#8221;15&#8243; down=&#8221;15&#8243;][vc_empty_space height=&#8221;15px&#8221;][vc_custom_heading text=&#8221;Lleida | Cap Pont&#8221;][vc_empty_space height=&#8221;15px&#8221;][\/vc_column][\/vc_row][vc_row row_type=&#8221;row&#8221; text_align=&#8221;left&#8221; css_animation=&#8221;&#8221;][vc_column width=&#8221;2\/3&#8243;][vc_gallery interval=&#8221;3&#8243; images=&#8221;13074,13073,13076,13075,13051,13050,13072,13064,13065,13066,13067,13059,13060,13071,13069,13053,13070,13061,13055,13058,13057,13054,13056,13063,13062&#8243; img_size=&#8221;1010&#215;650&#8243; onclick=&#8221;&#8221;][\/vc_column][vc_column width=&#8221;1\/3&#8243;][vc_column_text]La promoci\u00f3 de l&#8217;edifici Origami \u00e9s un complex d&#8217;habitatges i comer\u00e7. L&#8217;edifici compta amb un total de 28 habitatges de 3 i 4 dormitoris, 4 d&#8217;ells d\u00faplexs de 3 dormitoris amb \u00e0mplies terrasses a les cantonades de l&#8217;edifici, una planta d&#8217;aparcament subterrani i un sector d&#8217;aparcament a la planta baixa, amb capacitat per a 28 places i 28 trasters. Zona comunit\u00e0ria amb piscina coberta.[\/vc_column_text][vc_empty_space height=&#8221;15px&#8221;][vc_column_text]Finalitzada al juny de 2019<\/p>\n<p>Carrer Cam\u00ed de Pics, 10 \u2022 Lleida[\/vc_column_text][vc_empty_space height=&#8221;15px&#8221;][\/vc_column][\/vc_row][vc_row row_type=&#8221;row&#8221; text_align=&#8221;left&#8221; css_animation=&#8221;&#8221;][vc_column][vc_separator type=&#8221;full_width&#8221; thickness=&#8221;1&#8243; up=&#8221;15&#8243; down=&#8221;15&#8243;][vc_empty_space height=&#8221;15px&#8221;][vc_custom_heading text=&#8221;Sabadell | Sant Isidre&#8221;][vc_empty_space height=&#8221;15px&#8221;][\/vc_column][\/vc_row][vc_row row_type=&#8221;row&#8221; text_align=&#8221;left&#8221; css_animation=&#8221;&#8221;][vc_column width=&#8221;2\/3&#8243;][vc_gallery interval=&#8221;3&#8243; images=&#8221;13207,13206,13205,13204,13033,13032,13031,13030,13022,13009,13021,13020,13019,13026,13016,13017,13018,13025,13015,13014,13013,13010,13007,13008,13001,13002,13003,13004,13024,13023,13012,13011,13005,13006,13027,13029,13028&#8243; img_size=&#8221;1010&#215;650&#8243; onclick=&#8221;&#8221;][\/vc_column][vc_column width=&#8221;1\/3&#8243;][vc_column_text]La promoci\u00f3 <strong>Residencial Sant Isidre<\/strong> compta amb un total de 50 habitatges de 3 i 4 dormitoris amb \u00e0mplies terrasses i dues plantes d&#8217;aparcament subterrani, amb capacitat per a m\u00e9s de 100 places i 50 trasters. Disposa d&#8217;una privilegiada zona comunit\u00e0ria amb piscina a l&#8217;interior del recinte. La promoci\u00f3 se situa en una ubicaci\u00f3 immillorable, molt pr\u00f2xima al Parc de Catalunya. Els paviments dels habitatges s\u00f3n de fusta natural, els armaris de paret i la fusteria interior Salmar, la fusteria exterior Technal amb doble vidre i cambra d&#8217;aire amb trencament de pont t\u00e8rmic, persianes el\u00e8ctriques, aerot\u00e8rmica, cuines Santos amb electrodom\u00e8stics Siemens, il\u00b7luminaci\u00f3 inclosa en rebedor, passadissos, banys i cuina, mecanismes el\u00e8ctrics Niessen, aixeteria Hansgrohe i Blanco, complements de bany Duravit, cer\u00e0miques Marazzi, trasters connectats a l&#8217;habitatge el\u00e8ctricament. L&#8217;edifici compta amb descalcificador general i sistema d&#8217;aig\u00fces grises.[\/vc_column_text][vc_empty_space height=&#8221;15px&#8221;][vc_column_text]Finalitzada al juny de 2019<\/p>\n<p>Carrer Sant Isidre 57, 59 i 63 \u2022 Sabadell (Barcelona)[\/vc_column_text][vc_empty_space height=&#8221;15px&#8221;][\/vc_column][\/vc_row][vc_row row_type=&#8221;row&#8221; text_align=&#8221;left&#8221; css_animation=&#8221;&#8221;][vc_column][vc_separator type=&#8221;full_width&#8221; thickness=&#8221;1&#8243; up=&#8221;15&#8243; down=&#8221;15&#8243;][vc_empty_space height=&#8221;15px&#8221;][vc_custom_heading text=&#8221;Matar\u00f3 | Torre del Rengle I&#8221;][vc_empty_space height=&#8221;15px&#8221;][\/vc_column][\/vc_row][vc_row row_type=&#8221;row&#8221; text_align=&#8221;left&#8221; css_animation=&#8221;&#8221;][vc_column width=&#8221;2\/3&#8243;][vc_gallery interval=&#8221;3&#8243; images=&#8221;12922,12919,12921,12920,12923,12945,12947,12948,12946,12949,12950,13452,12952,12953,12955,12954,12936,12937,12942,12924,12926,12925,12940,12941,12935,12930,12931,12932,12939,12927,12928,12943,12944&#8243; img_size=&#8221;1010&#215;650&#8243; onclick=&#8221;&#8221;][\/vc_column][vc_column width=&#8221;1\/3&#8243;][vc_column_text]\n<div class=\"col gu4\">\n<p>La Torre del Rengle compta amb un total de 60 habitatges de 2, 3 i 4 dormitoris amb \u00e0mplies terrasses i dues plantes d&#8217;aparcament subterrani amb capacitat per a m\u00e9s de 129 places i 60 trasters. L&#8217;immoble inclou zona comunit\u00e0ria amb piscina coberta. L&#8217;edifici se situa davant del mar i al costat del Passeig de la Marina de Matar\u00f3.<\/p>\n<p>La fa\u00e7ana general de l&#8217;edifici est\u00e0 configurada per unes franges horitzontals blanques de GRC que defineixen cada planta, un material molt perdurable en el temps i de poc manteniment.<\/p>\n<p>Els habitatges s&#8217;obren al m\u00e0xim cap a l&#8217;exterior, captant vistes i lluminositat. Com a paraments cecs es disposen unes franges verticals d\u2019HPL amb tonalitat de fusta, mentre que en cada estan\u00e7a hi ha finestres i\/o balcons que comuniquen directament amb la terrassa cont\u00ednua exterior.<\/p>\n<p>La fa\u00e7ana, a m\u00e9s de la capa exterior, consta d&#8217;una cambra d&#8217;aire amb a\u00efllant t\u00e8rmic i ac\u00fastic, dotant l&#8217;habitatge d&#8217;un gran confort i el corresponent estalvi d&#8217;energia.<\/p>\n<\/div>\n<div class=\"col gu4\">\n<p>Aquest \u00e9s el primer projecte de construcci\u00f3 de Sorigu\u00e9 on s&#8217;utilitza la tecnologia BIM en tot el proc\u00e9s d&#8217;execuci\u00f3 de l&#8217;obra.<\/p>\n<\/div>\n[\/vc_column_text][vc_empty_space height=&#8221;15px&#8221;][vc_column_text]Finalitzada al maig de 2018<\/p>\n<p>Carrer Tordera, 22 \u2022 Matar\u00f3 (Barcelona)[\/vc_column_text][vc_empty_space height=&#8221;15px&#8221;]<a href=\"http:\/\/sorigueinmobiliaria.com\/wp-content\/uploads\/2022\/03\/Video-El-Rengle-1.mp4\" target=\"_self\" class=\"qbutton  tiny\" style=\"color: #ffffff; background-color: #1e73be; border: 1px solid #ffffff; \">Clic aqu\u00ed per a veure v\u00eddeo<\/a>[vc_empty_space height=&#8221;15px&#8221;][\/vc_column][\/vc_row][vc_row row_type=&#8221;row&#8221; text_align=&#8221;left&#8221; css_animation=&#8221;&#8221;][vc_column][vc_separator type=&#8221;full_width&#8221; thickness=&#8221;1&#8243; up=&#8221;15&#8243; down=&#8221;15&#8243;][vc_empty_space height=&#8221;15px&#8221;][vc_custom_heading text=&#8221;Sant Feliu | Torreblanca&#8221;][vc_empty_space height=&#8221;15px&#8221;][\/vc_column][\/vc_row][vc_row row_type=&#8221;row&#8221; text_align=&#8221;left&#8221; css_animation=&#8221;&#8221;][vc_column width=&#8221;2\/3&#8243;][vc_gallery interval=&#8221;3&#8243; images=&#8221;12977,12978,12979,12980,12981,12982,12983,12984,12985,12986,12987,12988,12989,12990,12991,12992,12993,12994,12995,12996,12997,12998,12999,13000&#8243; img_size=&#8221;1010&#215;650&#8243; onclick=&#8221;&#8221;][\/vc_column][vc_column width=&#8221;1\/3&#8243;][vc_column_text]Edifici amb 40 habitatges de 3 i 4 dormitoris amb grans terrasses, situat a Sant Feliu de Llobregat. Disposa de piscina i sol\u00e0rium comunitari, \u00e0mplies places de p\u00e0rquing amb trasters, paviments de fusta natural, armaris de paret i fusteria interior Carr\u00e9, fusteria exterior Technal amb doble vidre i cambra d&#8217;aire amb trencament de pont t\u00e8rmic, persianes el\u00e8ctriques a totes les estances, cuines Santos amb electrodom\u00e8stics Siemens, il\u00b7luminaci\u00f3 inclosa en rebedor, passadissos, banys i cuina, mecanismes el\u00e8ctrics Niessen, aixeteria Hansgrohe i Blanco, sanitaris i mobiliari de bany Duravit, descalcificador comunitari i trasters connectats a l&#8217;habitatge el\u00e8ctricament.[\/vc_column_text][vc_empty_space height=&#8221;15px&#8221;][vc_column_text]Finalitzada al desembre de 2018<\/p>\n<p>Carrer Sant Gabriel, 34 \u2022 Sant Feliu de Llobregat (Barcelona)[\/vc_column_text][vc_empty_space height=&#8221;15px&#8221;][\/vc_column][\/vc_row][vc_row row_type=&#8221;row&#8221; text_align=&#8221;left&#8221; css_animation=&#8221;&#8221;][vc_column][vc_separator type=&#8221;full_width&#8221; thickness=&#8221;1&#8243; up=&#8221;15&#8243; down=&#8221;15&#8243;][vc_empty_space height=&#8221;15px&#8221;][vc_custom_heading text=&#8221;Sant Feliu | Joan Gamper (Fase 1 i 2)&#8221;][vc_empty_space height=&#8221;15px&#8221;][\/vc_column][\/vc_row][vc_row row_type=&#8221;row&#8221; text_align=&#8221;left&#8221; css_animation=&#8221;&#8221;][vc_column width=&#8221;2\/3&#8243;][vc_gallery interval=&#8221;3&#8243; images=&#8221;12659,12660,12661,12639,12640,12637,12649,12651,12652,12653,12642,12654,12638,12643,12644,12645,12641,12646,12647,12648,12655,12656,12657,12658&#8243; img_size=&#8221;1010&#215;650&#8243; onclick=&#8221;&#8221;][\/vc_column][vc_column width=&#8221;1\/3&#8243;][vc_column_text]Magn\u00edfic complex d&#8217;edificis amb 98 habitatges de 3 i 4 dormitoris amb grans terrasses, situat en la millor zona de Sant Feliu de Llobregat. Disposa de piscina i jard\u00ed comunitaris, \u00e0mplies places de p\u00e0rquing amb trasters, paviments de fusta natural Porcelanosa, armaris de paret i fusteria interior Carr\u00e9, fusteria exterior Technal amb doble vidre i cambra d&#8217;aire amb trencament de pont t\u00e8rmic, persianes el\u00e8ctriques a totes les estances, cuines Santos amb electrodom\u00e8stics Siemens, il\u00b7luminaci\u00f3 inclosa en rebedor, passadissos, banys i cuina, mecanismes el\u00e8ctrics Niessen, aixeteria Hansgrohe i Blanco, sanitaris i mobiliari de bany Roca i Duravit, i trasters connectats a l&#8217;habitatge el\u00e8ctricament.[\/vc_column_text][vc_empty_space height=&#8221;15px&#8221;][vc_column_text]Fase 1 finalitzada l&#8217;agost de 2016<\/p>\n<p>Fase 2 finalitzada al mar\u00e7 de 2017<\/p>\n<p>&nbsp;<\/p>\n<p>Carrer Josep Gasp\u00e0, 9-25 \u2022 Sant Feliu de Llobregat (Barcelona)[\/vc_column_text][vc_empty_space height=&#8221;15px&#8221;][\/vc_column][\/vc_row][vc_row row_type=&#8221;row&#8221; text_align=&#8221;left&#8221; css_animation=&#8221;&#8221;][vc_column][vc_separator type=&#8221;full_width&#8221; thickness=&#8221;1&#8243; up=&#8221;15&#8243; down=&#8221;15&#8243;][vc_empty_space height=&#8221;15px&#8221;][vc_custom_heading text=&#8221;Granollers | Joan Prim&#8221;][vc_empty_space height=&#8221;15px&#8221;][\/vc_column][\/vc_row][vc_row row_type=&#8221;row&#8221; text_align=&#8221;left&#8221; css_animation=&#8221;&#8221;][vc_column width=&#8221;2\/3&#8243;][vc_gallery interval=&#8221;3&#8243; images=&#8221;12676,12695,12680,12698,12685,12696,12684,12700,12690,12694,12678,12702,12701,12682,12687,12699,12679,12693,12691,12689,12683,12703,12688,12697,12681,12692&#8243; img_size=&#8221;1010&#215;650&#8243; onclick=&#8221;&#8221;][\/vc_column][vc_column width=&#8221;1\/3&#8243;][vc_column_text]Espectacular edifici d&#8217;obra nova situat en ple cor de Granollers, amb 16 exclusius habitatges d&#8217;alta qualitat dissenyats per a garantir un gran confort. Paviments de fusta natural, armaris de paret i fusteria interior Carr\u00e9, fusteria exterior Technal amb doble vidre i cambra d&#8217;aire amb trencament de pont t\u00e8rmic, persianes el\u00e8ctriques, aerot\u00e8rmica, cuines Santos amb electrodom\u00e8stics Siemens, climatitzaci\u00f3 per zones, il\u00b7luminaci\u00f3 LED inclosa en tot l&#8217;habitatge, mecanismes el\u00e8ctrics Niessen, aixeteria Hansgrohe i Blanco, sanitaris i mobiliari de bany Duravit, i trasters connectats el\u00e8ctricament amb l&#8217;habitatge.[\/vc_column_text][vc_empty_space height=&#8221;15px&#8221;][vc_column_text]Finalitzada al gener de 2017<\/p>\n<p>&nbsp;<\/p>\n<p>Carrer Josep Irla, 1-3 \u2022 Granollers (Barcelona)[\/vc_column_text][vc_empty_space height=&#8221;15px&#8221;][\/vc_column][\/vc_row]\n","protected":false},"excerpt":{"rendered":"<p>[vc_row row_type=&#8221;row&#8221; text_align=&#8221;left&#8221; css_animation=&#8221;&#8221;][vc_column][vc_empty_space height=&#8221;15px&#8221;][vc_column_text] Promocions realitzades [\/vc_column_text][vc_empty_space height=&#8221;10px&#8221;][vc_row_inner row_type=&#8221;row&#8221; text_align=&#8221;left&#8221; css_animation=&#8221;&#8221;][vc_column_inner][vc_separator type=&#8221;full_width&#8221; thickness=&#8221;1&#8243; up=&#8221;15&#8243; down=&#8221;15&#8243;][vc_custom_heading text=&#8221;Girona | La Devesa&#8221;][vc_empty_space height=&#8221;15px&#8221;][\/vc_column_inner][\/vc_row_inner][\/vc_column][\/vc_row][vc_row row_type=&#8221;row&#8221; text_align=&#8221;left&#8221; css_animation=&#8221;&#8221;][vc_column width=&#8221;2\/3&#8243;][vc_gallery interval=&#8221;3&#8243; images=&#8221;13881,13884,13879,13883,13885,13892,13882,13886,13878,13880,13887,13894,13895,13893,13888,13889,13890,13896,13897,13898,13899,13904,13905,13900,13906,13901,13907,13908,13909,13924,13910,13911,13912,13891,13913,13914,13915,13917,13918,13919,13920,13922,13921,13923,13916&#8243; img_size=&#8221;1010&#215;650&#8243; onclick=&#8221;&#8221;][\/vc_column][vc_column width=&#8221;1\/3&#8243;][vc_column_text]Modern edifici de 4 altures, amb 32 habitatges de 3 i 4 dormitoris, en un entorn&#8230;<\/p>\n","protected":false},"author":4,"featured_media":0,"parent":0,"menu_order":0,"comment_status":"closed","ping_status":"closed","template":"page-menu-N1.php","meta":{"footnotes":""},"class_list":["post-14125","page","type-page","status-publish","hentry"],"_links":{"self":[{"href":"https:\/\/sorigueinmobiliaria.com\/ca\/wp-json\/wp\/v2\/pages\/14125","targetHints":{"allow":["GET"]}}],"collection":[{"href":"https:\/\/sorigueinmobiliaria.com\/ca\/wp-json\/wp\/v2\/pages"}],"about":[{"href":"https:\/\/sorigueinmobiliaria.com\/ca\/wp-json\/wp\/v2\/types\/page"}],"author":[{"embeddable":true,"href":"https:\/\/sorigueinmobiliaria.com\/ca\/wp-json\/wp\/v2\/users\/4"}],"replies":[{"embeddable":true,"href":"https:\/\/sorigueinmobiliaria.com\/ca\/wp-json\/wp\/v2\/comments?post=14125"}],"version-history":[{"count":5,"href":"https:\/\/sorigueinmobiliaria.com\/ca\/wp-json\/wp\/v2\/pages\/14125\/revisions"}],"predecessor-version":[{"id":14130,"href":"https:\/\/sorigueinmobiliaria.com\/ca\/wp-json\/wp\/v2\/pages\/14125\/revisions\/14130"}],"wp:attachment":[{"href":"https:\/\/sorigueinmobiliaria.com\/ca\/wp-json\/wp\/v2\/media?parent=14125"}],"curies":[{"name":"wp","href":"https:\/\/api.w.org\/{rel}","templated":true}]}}